{"id":1397,"date":"2023-11-29T15:36:34","date_gmt":"2023-11-29T15:36:34","guid":{"rendered":"https:\/\/www.tanovinum.com\/activ\/"},"modified":"2024-02-23T11:50:32","modified_gmt":"2024-02-23T11:50:32","slug":"activ","status":"publish","type":"page","link":"https:\/\/www.tanovinum.com\/it\/activ\/","title":{"rendered":"Escursioni in Alto Adige > vacanze a tutta natura"},"content":{"rendered":"\t\t<div data-elementor-type=\"wp-page\" data-elementor-id=\"1397\" class=\"elementor elementor-1397 elementor-335\" data-elementor-post-type=\"page\">\n\t\t\t\t\t\t\t<div class=\"elementor-element elementor-element-c55f7d1 e-con-full e-flex e-con e-parent\" data-id=\"c55f7d1\" data-element_type=\"container\" data-settings=\"{&quot;content_width&quot;:&quot;full&quot;,&quot;background_background&quot;:&quot;slideshow&quot;,&quot;background_slideshow_gallery&quot;:[{&quot;id&quot;:343,&quot;url&quot;:&quot;https:\\\/\\\/www.tanovinum.com\\\/wp-content\\\/uploads\\\/2023\\\/11\\\/idm07182hawi.png&quot;},{&quot;id&quot;:344,&quot;url&quot;:&quot;https:\\\/\\\/www.tanovinum.com\\\/wp-content\\\/uploads\\\/2023\\\/11\\\/D4S3472.png&quot;},{&quot;id&quot;:341,&quot;url&quot;:&quot;https:\\\/\\\/www.tanovinum.com\\\/wp-content\\\/uploads\\\/2023\\\/11\\\/idm08019bepf-7.png&quot;}],&quot;container_type&quot;:&quot;flex&quot;,&quot;background_slideshow_loop&quot;:&quot;yes&quot;,&quot;background_slideshow_slide_duration&quot;:5000,&quot;background_slideshow_slide_transition&quot;:&quot;fade&quot;,&quot;background_slideshow_transition_duration&quot;:500}\" data-core-v316-plus=\"true\">\n\t\t\t\t<\/div>\n\t\t<section class=\"elementor-element elementor-element-861dfac e-con-full c-wrapper after-effect e-flex e-con e-parent\" data-id=\"861dfac\" data-element_type=\"container\" data-settings=\"{&quot;content_width&quot;:&quot;full&quot;,&quot;container_type&quot;:&quot;flex&quot;}\" data-core-v316-plus=\"true\">\n\t\t<div class=\"elementor-element elementor-element-b937963 e-con-full c-inner e-flex e-con e-child\" data-id=\"b937963\" data-element_type=\"container\" data-settings=\"{&quot;content_width&quot;:&quot;full&quot;,&quot;container_type&quot;:&quot;flex&quot;}\">\n\t\t<div class=\"elementor-element elementor-element-7283456 e-con-full w-80 e-flex e-con e-child\" data-id=\"7283456\" data-element_type=\"container\" data-settings=\"{&quot;content_width&quot;:&quot;full&quot;,&quot;container_type&quot;:&quot;flex&quot;}\">\n\t\t\t\t<div class=\"elementor-element elementor-element-05bf478 elementor-widget elementor-widget-heading\" data-id=\"05bf478\" data-element_type=\"widget\" data-widget_type=\"heading.default\">\n\t\t\t\t<div class=\"elementor-widget-container\">\n\t\t\t<style>\/*! elementor - v3.17.0 - 08-11-2023 *\/\n.elementor-heading-title{padding:0;margin:0;line-height:1}.elementor-widget-heading .elementor-heading-title[class*=elementor-size-]>a{color:inherit;font-size:inherit;line-height:inherit}.elementor-widget-heading .elementor-heading-title.elementor-size-small{font-size:15px}.elementor-widget-heading .elementor-heading-title.elementor-size-medium{font-size:19px}.elementor-widget-heading .elementor-heading-title.elementor-size-large{font-size:29px}.elementor-widget-heading .elementor-heading-title.elementor-size-xl{font-size:39px}.elementor-widget-heading .elementor-heading-title.elementor-size-xxl{font-size:59px}<\/style><h1 class=\"elementor-heading-title elementor-size-default\">La vacanza? Attiva \u00e8 meglio!  <\/h1>\t\t<\/div>\n\t\t\t\t<\/div>\n\t\t\t\t<div class=\"elementor-element elementor-element-3961566 elementor-widget elementor-widget-heading\" data-id=\"3961566\" data-element_type=\"widget\" data-widget_type=\"heading.default\">\n\t\t\t\t<div class=\"elementor-widget-container\">\n\t\t\t<h2 class=\"elementor-heading-title elementor-size-default\">In Alto Adige tra sentieri escursionistici, percorsi ciclistici e piste da sci <\/h2>\t\t<\/div>\n\t\t\t\t<\/div>\n\t\t\t\t<div class=\"elementor-element elementor-element-5b92cb7 elementor-widget elementor-widget-text-editor\" data-id=\"5b92cb7\" data-element_type=\"widget\" data-widget_type=\"text-editor.default\">\n\t\t\t\t<div class=\"elementor-widget-container\">\n\t\t\t<style>\/*! elementor - v3.17.0 - 08-11-2023 *\/\n.elementor-widget-text-editor.elementor-drop-cap-view-stacked .elementor-drop-cap{background-color:#69727d;color:#fff}.elementor-widget-text-editor.elementor-drop-cap-view-framed .elementor-drop-cap{color:#69727d;border:3px solid;background-color:transparent}.elementor-widget-text-editor:not(.elementor-drop-cap-view-default) .elementor-drop-cap{margin-top:8px}.elementor-widget-text-editor:not(.elementor-drop-cap-view-default) .elementor-drop-cap-letter{width:1em;height:1em}.elementor-widget-text-editor .elementor-drop-cap{float:left;text-align:center;line-height:1;font-size:50px}.elementor-widget-text-editor .elementor-drop-cap-letter{display:inline-block}<\/style>\t\t\t\t<p>Eh s\u00ec, siamo proprio fortunati: appena fuori dalla nostra porta, si apre un mondo pieno di possibilit\u00e0 per chi vuole fare attivit\u00e0 all\u2019aperto. Sull\u2019Alpe di Villandro ti aspetta un paradiso escursionistico adatto a tutta la famiglia. Se preferisci la bici, qui in Valle Isarco troverai fantastici trail e downhill. E se vieni a trovarci per la settimana bianca, i vari comprensori delle Dolomiti ti conquisteranno con piste da sogno.<\/p>\n\t\t\t\t\t\t<\/div>\n\t\t\t\t<\/div>\n\t\t\t\t<\/div>\n\t\t\t\t<\/div>\n\t\t\t\t<\/section>\n\t\t<section class=\"elementor-element elementor-element-176a991 e-con-full c-wrapper t-0  w-100 e-flex e-con e-parent\" data-id=\"176a991\" data-element_type=\"container\" data-settings=\"{&quot;content_width&quot;:&quot;full&quot;,&quot;background_background&quot;:&quot;classic&quot;,&quot;container_type&quot;:&quot;flex&quot;}\" data-core-v316-plus=\"true\">\n\t\t<div class=\"elementor-element elementor-element-16e6ae3 e-con-full c-inner w-100 e-flex e-con e-child\" data-id=\"16e6ae3\" data-element_type=\"container\" data-settings=\"{&quot;content_width&quot;:&quot;full&quot;,&quot;container_type&quot;:&quot;flex&quot;}\">\n\t\t\t\t<div class=\"elementor-element elementor-element-c2ab832 elementor-widget elementor-widget-image\" data-id=\"c2ab832\" data-element_type=\"widget\" data-widget_type=\"image.default\">\n\t\t\t\t<div class=\"elementor-widget-container\">\n\t\t\t<style>\/*! elementor - v3.17.0 - 08-11-2023 *\/\n.elementor-widget-image{text-align:center}.elementor-widget-image a{display:inline-block}.elementor-widget-image a img[src$=\".svg\"]{width:48px}.elementor-widget-image img{vertical-align:middle;display:inline-block}<\/style>\t\t\t\t\t\t\t\t\t\t\t\t<img fetchpriority=\"high\" decoding=\"async\" width=\"800\" height=\"533\" src=\"https:\/\/www.tanovinum.com\/wp-content\/uploads\/2023\/12\/idm07491arte.jpg\" class=\"attachment-large size-large wp-image-754\" alt=\"\" srcset=\"https:\/\/www.tanovinum.com\/wp-content\/uploads\/2023\/12\/idm07491arte.jpg 900w, https:\/\/www.tanovinum.com\/wp-content\/uploads\/2023\/12\/idm07491arte-300x200.jpg 300w, https:\/\/www.tanovinum.com\/wp-content\/uploads\/2023\/12\/idm07491arte-768x512.jpg 768w\" sizes=\"(max-width: 800px) 100vw, 800px\" \/>\t\t\t\t\t\t\t\t\t\t\t\t\t\t\t<\/div>\n\t\t\t\t<\/div>\n\t\t<div class=\"elementor-element elementor-element-3852287 e-con-full w-30 e-flex e-con e-child\" data-id=\"3852287\" data-element_type=\"container\" data-settings=\"{&quot;content_width&quot;:&quot;full&quot;,&quot;container_type&quot;:&quot;flex&quot;}\">\n\t\t\t\t<div class=\"elementor-element elementor-element-dda10fe elementor-widget elementor-widget-heading\" data-id=\"dda10fe\" data-element_type=\"widget\" data-widget_type=\"heading.default\">\n\t\t\t\t<div class=\"elementor-widget-container\">\n\t\t\t<h1 class=\"elementor-heading-title elementor-size-default\">Allaccia gli scarponi\u2026 <\/h1>\t\t<\/div>\n\t\t\t\t<\/div>\n\t\t\t\t<div class=\"elementor-element elementor-element-519333c elementor-widget elementor-widget-text-editor\" data-id=\"519333c\" data-element_type=\"widget\" data-widget_type=\"text-editor.default\">\n\t\t\t\t<div class=\"elementor-widget-container\">\n\t\t\t\t\t\t\t<p>Dalle facili passeggiate sulle malghe fino alle scalate in vetta, chi ama le escursioni ha l\u2019imbarazzo della scelta in ogni stagione, con percorsi straordinari per tutti i livelli di difficolt\u00e0.<\/p>\n\t\t\t\t\t\t<\/div>\n\t\t\t\t<\/div>\n\t\t\t\t<div class=\"elementor-element elementor-element-1d165b2 btn btn-rnd elementor-widget elementor-widget-button\" data-id=\"1d165b2\" data-element_type=\"widget\" data-widget_type=\"button.default\">\n\t\t\t\t<div class=\"elementor-widget-container\">\n\t\t\t\t\t<div class=\"elementor-button-wrapper\">\n\t\t\t<a class=\"elementor-button elementor-button-link elementor-size-sm\" href=\"#\">\n\t\t\t\t\t\t<span class=\"elementor-button-content-wrapper\">\n\t\t\t\t\t\t<span class=\"elementor-button-text\">Per saperne di pi\u00f9<\/span>\n\t\t<\/span>\n\t\t\t\t\t<\/a>\n\t\t<\/div>\n\t\t\t\t<\/div>\n\t\t\t\t<\/div>\n\t\t\t\t<\/div>\n\t\t\t\t<\/div>\n\t\t<div class=\"elementor-element elementor-element-d95f3c2 e-con-full c-inner w-80 e-flex e-con e-child\" data-id=\"d95f3c2\" data-element_type=\"container\" data-settings=\"{&quot;content_width&quot;:&quot;full&quot;,&quot;container_type&quot;:&quot;flex&quot;}\">\n\t\t\t\t<div class=\"elementor-element elementor-element-79a853f elementor-widget elementor-widget-image\" data-id=\"79a853f\" data-element_type=\"widget\" data-widget_type=\"image.default\">\n\t\t\t\t<div class=\"elementor-widget-container\">\n\t\t\t\t\t\t\t\t\t\t\t\t\t\t\t<img decoding=\"async\" width=\"800\" height=\"533\" src=\"https:\/\/www.tanovinum.com\/wp-content\/uploads\/2023\/12\/idm07162hawi.jpg\" class=\"attachment-large size-large wp-image-753\" alt=\"\" srcset=\"https:\/\/www.tanovinum.com\/wp-content\/uploads\/2023\/12\/idm07162hawi.jpg 900w, https:\/\/www.tanovinum.com\/wp-content\/uploads\/2023\/12\/idm07162hawi-300x200.jpg 300w, https:\/\/www.tanovinum.com\/wp-content\/uploads\/2023\/12\/idm07162hawi-768x512.jpg 768w\" sizes=\"(max-width: 800px) 100vw, 800px\" \/>\t\t\t\t\t\t\t\t\t\t\t\t\t\t\t<\/div>\n\t\t\t\t<\/div>\n\t\t\t\t<div class=\"elementor-element elementor-element-847bb5c elementor-absolute elementor-widget elementor-widget-image\" data-id=\"847bb5c\" data-element_type=\"widget\" data-settings=\"{&quot;_position&quot;:&quot;absolute&quot;}\" data-widget_type=\"image.default\">\n\t\t\t\t<div class=\"elementor-widget-container\">\n\t\t\t\t\t\t\t\t\t\t\t\t\t\t\t<img decoding=\"async\" width=\"158\" height=\"158\" src=\"https:\/\/www.tanovinum.com\/wp-content\/uploads\/2023\/12\/Gruppe-123.png\" class=\"attachment-medium size-medium wp-image-761\" alt=\"\" srcset=\"https:\/\/www.tanovinum.com\/wp-content\/uploads\/2023\/12\/Gruppe-123.png 158w, https:\/\/www.tanovinum.com\/wp-content\/uploads\/2023\/12\/Gruppe-123-150x150.png 150w\" sizes=\"(max-width: 158px) 100vw, 158px\" \/>\t\t\t\t\t\t\t\t\t\t\t\t\t\t\t<\/div>\n\t\t\t\t<\/div>\n\t\t<div class=\"elementor-element elementor-element-fa91deb e-con-full w-40 e-flex e-con e-child\" data-id=\"fa91deb\" data-element_type=\"container\" data-settings=\"{&quot;content_width&quot;:&quot;full&quot;,&quot;container_type&quot;:&quot;flex&quot;}\">\n\t\t\t\t<div class=\"elementor-element elementor-element-41a5318 elementor-widget elementor-widget-heading\" data-id=\"41a5318\" data-element_type=\"widget\" data-widget_type=\"heading.default\">\n\t\t\t\t<div class=\"elementor-widget-container\">\n\t\t\t<h1 class=\"elementor-heading-title elementor-size-default\">In sella!  <\/h1>\t\t<\/div>\n\t\t\t\t<\/div>\n\t\t\t\t<div class=\"elementor-element elementor-element-b1d0261 elementor-widget elementor-widget-text-editor\" data-id=\"b1d0261\" data-element_type=\"widget\" data-widget_type=\"text-editor.default\">\n\t\t\t\t<div class=\"elementor-widget-container\">\n\t\t\t\t\t\t\t<p>E-bike, mountain bike o bici da strada? Qualunque sia la tua scelta, in Valle Isarco puoi pedalare a qualsiasi altitudine, in valle come sulle malghe.<\/p>\n\t\t\t\t\t\t<\/div>\n\t\t\t\t<\/div>\n\t\t\t\t<div class=\"elementor-element elementor-element-758ca30 btn btn-rnd elementor-widget elementor-widget-button\" data-id=\"758ca30\" data-element_type=\"widget\" data-widget_type=\"button.default\">\n\t\t\t\t<div class=\"elementor-widget-container\">\n\t\t\t\t\t<div class=\"elementor-button-wrapper\">\n\t\t\t<a class=\"elementor-button elementor-button-link elementor-size-sm\" href=\"#\">\n\t\t\t\t\t\t<span class=\"elementor-button-content-wrapper\">\n\t\t\t\t\t\t<span class=\"elementor-button-text\">Per saperne di pi\u00f9<\/span>\n\t\t<\/span>\n\t\t\t\t\t<\/a>\n\t\t<\/div>\n\t\t\t\t<\/div>\n\t\t\t\t<\/div>\n\t\t\t\t<\/div>\n\t\t\t\t<\/div>\n\t\t<div class=\"elementor-element elementor-element-63730b7 e-con-full c-inner w-80 e-flex e-con e-child\" data-id=\"63730b7\" data-element_type=\"container\" data-settings=\"{&quot;content_width&quot;:&quot;full&quot;,&quot;container_type&quot;:&quot;flex&quot;}\">\n\t\t\t\t<div class=\"elementor-element elementor-element-46f263e elementor-widget elementor-widget-image\" data-id=\"46f263e\" data-element_type=\"widget\" data-widget_type=\"image.default\">\n\t\t\t\t<div class=\"elementor-widget-container\">\n\t\t\t\t\t\t\t\t\t\t\t\t\t\t\t<img loading=\"lazy\" decoding=\"async\" width=\"800\" height=\"533\" src=\"https:\/\/www.tanovinum.com\/wp-content\/uploads\/2023\/12\/idm06821alfi.jpg\" class=\"attachment-large size-large wp-image-752\" alt=\"\" srcset=\"https:\/\/www.tanovinum.com\/wp-content\/uploads\/2023\/12\/idm06821alfi.jpg 900w, https:\/\/www.tanovinum.com\/wp-content\/uploads\/2023\/12\/idm06821alfi-300x200.jpg 300w, https:\/\/www.tanovinum.com\/wp-content\/uploads\/2023\/12\/idm06821alfi-768x512.jpg 768w\" sizes=\"(max-width: 800px) 100vw, 800px\" \/>\t\t\t\t\t\t\t\t\t\t\t\t\t\t\t<\/div>\n\t\t\t\t<\/div>\n\t\t<div class=\"elementor-element elementor-element-2ea3121 e-con-full w-40 e-flex e-con e-child\" data-id=\"2ea3121\" data-element_type=\"container\" data-settings=\"{&quot;content_width&quot;:&quot;full&quot;,&quot;container_type&quot;:&quot;flex&quot;}\">\n\t\t\t\t<div class=\"elementor-element elementor-element-053e3ad elementor-widget elementor-widget-heading\" data-id=\"053e3ad\" data-element_type=\"widget\" data-widget_type=\"heading.default\">\n\t\t\t\t<div class=\"elementor-widget-container\">\n\t\t\t<h1 class=\"elementor-heading-title elementor-size-default\">Sugli sci<\/h1>\t\t<\/div>\n\t\t\t\t<\/div>\n\t\t\t\t<div class=\"elementor-element elementor-element-c6ccedd elementor-widget elementor-widget-text-editor\" data-id=\"c6ccedd\" data-element_type=\"widget\" data-widget_type=\"text-editor.default\">\n\t\t\t\t<div class=\"elementor-widget-container\">\n\t\t\t\t\t\t\t<p>L\u2019emozione di una pista nera o una sciata tranquilla e poco impegnativa? Le varie aree sciistiche dei dintorni offrono divertimento sulla neve per tutti i gusti.<\/p>\n\t\t\t\t\t\t<\/div>\n\t\t\t\t<\/div>\n\t\t\t\t<div class=\"elementor-element elementor-element-801e368 btn btn-rnd elementor-widget elementor-widget-button\" data-id=\"801e368\" data-element_type=\"widget\" data-widget_type=\"button.default\">\n\t\t\t\t<div class=\"elementor-widget-container\">\n\t\t\t\t\t<div class=\"elementor-button-wrapper\">\n\t\t\t<a class=\"elementor-button elementor-button-link elementor-size-sm\" href=\"#\">\n\t\t\t\t\t\t<span class=\"elementor-button-content-wrapper\">\n\t\t\t\t\t\t<span class=\"elementor-button-text\">Per saperne di pi\u00f9<\/span>\n\t\t<\/span>\n\t\t\t\t\t<\/a>\n\t\t<\/div>\n\t\t\t\t<\/div>\n\t\t\t\t<\/div>\n\t\t\t\t<\/div>\n\t\t\t\t<\/div>\n\t\t\t\t<\/section>\n\t\t<section class=\"elementor-element elementor-element-5963349 e-con-full c-wrapper sportlich e-flex e-con e-parent\" data-id=\"5963349\" data-element_type=\"container\" data-settings=\"{&quot;content_width&quot;:&quot;full&quot;,&quot;background_background&quot;:&quot;classic&quot;,&quot;container_type&quot;:&quot;flex&quot;}\" data-e-bg-lazyload=\"\" data-core-v316-plus=\"true\">\n\t\t<div class=\"elementor-element elementor-element-75c3d22 e-con-full c-inner e-flex e-con e-child\" data-id=\"75c3d22\" data-element_type=\"container\" data-settings=\"{&quot;content_width&quot;:&quot;full&quot;,&quot;container_type&quot;:&quot;flex&quot;}\">\n\t\t<div class=\"elementor-element elementor-element-f1ca53b e-con-full w-80 e-flex e-con e-child\" data-id=\"f1ca53b\" data-element_type=\"container\" data-settings=\"{&quot;content_width&quot;:&quot;full&quot;,&quot;container_type&quot;:&quot;flex&quot;}\">\n\t\t\t\t<div class=\"elementor-element elementor-element-d17f00a elementor-widget elementor-widget-heading\" data-id=\"d17f00a\" data-element_type=\"widget\" data-widget_type=\"heading.default\">\n\t\t\t\t<div class=\"elementor-widget-container\">\n\t\t\t<h1 class=\"elementor-heading-title elementor-size-default\">Chiusa, un paradiso naturale dalle mille possibilit\u00e0 <\/h1>\t\t<\/div>\n\t\t\t\t<\/div>\n\t\t\t\t<div class=\"elementor-element elementor-element-68e47a4 elementor-widget elementor-widget-text-editor\" data-id=\"68e47a4\" data-element_type=\"widget\" data-widget_type=\"text-editor.default\">\n\t\t\t\t<div class=\"elementor-widget-container\">\n\t\t\t\t\t\t\t<p>Attorno a Chiusa \u00e8 la variet\u00e0 a farla da padrona, in ogni stagione: a valle i rigogliosi vigneti, in mezza montagna idilliaci paesini e malghe panoramiche\u2026 e un po\u2019 ovunque una variet\u00e0 di attrazioni che spaziano dal culturale all\u2019enogastronomico.<\/p>\n\t\t\t\t\t\t<\/div>\n\t\t\t\t<\/div>\n\t\t\t\t<\/div>\n\t\t\t\t<\/div>\n\t\t\t\t<\/section>\n\t\t<section class=\"elementor-element elementor-element-8d964af e-con-full c-wrapper  w-100 e-flex e-con e-parent\" data-id=\"8d964af\" data-element_type=\"container\" data-settings=\"{&quot;content_width&quot;:&quot;full&quot;,&quot;background_background&quot;:&quot;classic&quot;,&quot;container_type&quot;:&quot;flex&quot;}\" data-core-v316-plus=\"true\">\n\t\t<div class=\"elementor-element elementor-element-d793f13 e-con-full c-inner w-100 e-flex e-con e-child\" data-id=\"d793f13\" data-element_type=\"container\" data-settings=\"{&quot;content_width&quot;:&quot;full&quot;,&quot;container_type&quot;:&quot;flex&quot;}\">\n\t\t\t\t<div class=\"elementor-element elementor-element-5e5ac00 elementor-widget elementor-widget-image\" data-id=\"5e5ac00\" data-element_type=\"widget\" data-widget_type=\"image.default\">\n\t\t\t\t<div class=\"elementor-widget-container\">\n\t\t\t\t\t\t\t\t\t\t\t\t\t\t\t<img loading=\"lazy\" decoding=\"async\" width=\"800\" height=\"511\" src=\"https:\/\/www.tanovinum.com\/wp-content\/uploads\/2023\/11\/smg03721alfi-1024x654.png\" class=\"attachment-large size-large wp-image-339\" alt=\"\" srcset=\"https:\/\/www.tanovinum.com\/wp-content\/uploads\/2023\/11\/smg03721alfi-1024x654.png 1024w, https:\/\/www.tanovinum.com\/wp-content\/uploads\/2023\/11\/smg03721alfi-300x191.png 300w, https:\/\/www.tanovinum.com\/wp-content\/uploads\/2023\/11\/smg03721alfi-768x490.png 768w, https:\/\/www.tanovinum.com\/wp-content\/uploads\/2023\/11\/smg03721alfi.png 1280w\" sizes=\"(max-width: 800px) 100vw, 800px\" \/>\t\t\t\t\t\t\t\t\t\t\t\t\t\t\t<\/div>\n\t\t\t\t<\/div>\n\t\t<div class=\"elementor-element elementor-element-4372e99 e-con-full w-30 e-flex e-con e-child\" data-id=\"4372e99\" data-element_type=\"container\" data-settings=\"{&quot;content_width&quot;:&quot;full&quot;,&quot;container_type&quot;:&quot;flex&quot;}\">\n\t\t\t\t<div class=\"elementor-element elementor-element-7a0876c elementor-widget elementor-widget-heading\" data-id=\"7a0876c\" data-element_type=\"widget\" data-widget_type=\"heading.default\">\n\t\t\t\t<div class=\"elementor-widget-container\">\n\t\t\t<h1 class=\"elementor-heading-title elementor-size-default\">Il monastero di Sabiona <\/h1>\t\t<\/div>\n\t\t\t\t<\/div>\n\t\t\t\t<div class=\"elementor-element elementor-element-7387be9 elementor-widget elementor-widget-text-editor\" data-id=\"7387be9\" data-element_type=\"widget\" data-widget_type=\"text-editor.default\">\n\t\t\t\t<div class=\"elementor-widget-container\">\n\t\t\t\t\t\t\t<p>Si erge imponente sopra Chiusa, quasi a sorvegliarla come una sentinella: il monastero di Sabiona con la chiesa di Santa Croce, un tempo sede vescovile, \u00e8 uno dei pi\u00f9 antichi luoghi di pellegrinaggio del Tirolo. Un luogo mistico raggiungibile da Chiusa lungo la Passeggiata di Sabiona.<\/p>\n\t\t\t\t\t\t<\/div>\n\t\t\t\t<\/div>\n\t\t\t\t<\/div>\n\t\t\t\t<\/div>\n\t\t<div class=\"elementor-element elementor-element-15ad6f1 e-con-full c-inner w-80 e-flex e-con e-child\" data-id=\"15ad6f1\" data-element_type=\"container\" data-settings=\"{&quot;content_width&quot;:&quot;full&quot;,&quot;container_type&quot;:&quot;flex&quot;}\">\n\t\t\t\t<div class=\"elementor-element elementor-element-a406d8b elementor-widget elementor-widget-image\" data-id=\"a406d8b\" data-element_type=\"widget\" data-widget_type=\"image.default\">\n\t\t\t\t<div class=\"elementor-widget-container\">\n\t\t\t\t\t\t\t\t\t\t\t\t\t\t\t<img loading=\"lazy\" decoding=\"async\" width=\"800\" height=\"533\" src=\"https:\/\/www.tanovinum.com\/wp-content\/uploads\/2023\/12\/idm05731alfi.jpg\" class=\"attachment-large size-large wp-image-757\" alt=\"\" srcset=\"https:\/\/www.tanovinum.com\/wp-content\/uploads\/2023\/12\/idm05731alfi.jpg 900w, https:\/\/www.tanovinum.com\/wp-content\/uploads\/2023\/12\/idm05731alfi-300x200.jpg 300w, https:\/\/www.tanovinum.com\/wp-content\/uploads\/2023\/12\/idm05731alfi-768x512.jpg 768w\" sizes=\"(max-width: 800px) 100vw, 800px\" \/>\t\t\t\t\t\t\t\t\t\t\t\t\t\t\t<\/div>\n\t\t\t\t<\/div>\n\t\t<div class=\"elementor-element elementor-element-69adb5b e-con-full w-40 e-flex e-con e-child\" data-id=\"69adb5b\" data-element_type=\"container\" data-settings=\"{&quot;content_width&quot;:&quot;full&quot;,&quot;container_type&quot;:&quot;flex&quot;}\">\n\t\t\t\t<div class=\"elementor-element elementor-element-c847aa0 elementor-widget elementor-widget-heading\" data-id=\"c847aa0\" data-element_type=\"widget\" data-widget_type=\"heading.default\">\n\t\t\t\t<div class=\"elementor-widget-container\">\n\t\t\t<h1 class=\"elementor-heading-title elementor-size-default\">La Valle Isarco <\/h1>\t\t<\/div>\n\t\t\t\t<\/div>\n\t\t\t\t<div class=\"elementor-element elementor-element-b31c1e2 elementor-widget elementor-widget-text-editor\" data-id=\"b31c1e2\" data-element_type=\"widget\" data-widget_type=\"text-editor.default\">\n\t\t\t\t<div class=\"elementor-widget-container\">\n\t\t\t\t\t\t\t<p>La Valle Isarco si estende dal Brennero fino a Bolzano. Il suo cuore \u00e8 costituito dalle citt\u00e0 di Bressanone e Chiusa, con i loro pittoreschi centri storici. Tra le attrazioni della Valle Isarco troviamo l\u2019abbazia di Novacella con la chiesa, la biblioteca e la sua cantina vinicola, il paradiso outdoor del monte Plose sopra Bressanone e le inconfondibili Odle della Val di Funes. Una vacanza qui non pu\u00f2 che regalare momenti magici!<\/p>\n\t\t\t\t\t\t<\/div>\n\t\t\t\t<\/div>\n\t\t\t\t<\/div>\n\t\t\t\t<\/div>\n\t\t\t\t<\/section>\n\t\t<section class=\"elementor-element elementor-element-abc9b33 e-con-full c-wrapper sportlich e-flex e-con e-parent\" data-id=\"abc9b33\" data-element_type=\"container\" data-settings=\"{&quot;content_width&quot;:&quot;full&quot;,&quot;background_background&quot;:&quot;classic&quot;,&quot;container_type&quot;:&quot;flex&quot;}\" data-e-bg-lazyload=\"\" data-core-v316-plus=\"true\">\n\t\t<div class=\"elementor-element elementor-element-1f44d64 e-con-full c-inner e-flex e-con e-child\" data-id=\"1f44d64\" data-element_type=\"container\" data-settings=\"{&quot;content_width&quot;:&quot;full&quot;,&quot;container_type&quot;:&quot;flex&quot;}\">\n\t\t<div class=\"elementor-element elementor-element-9d9d985 e-con-full w-80 e-flex e-con e-child\" data-id=\"9d9d985\" data-element_type=\"container\" data-settings=\"{&quot;content_width&quot;:&quot;full&quot;,&quot;container_type&quot;:&quot;flex&quot;}\">\n\t\t\t\t<div class=\"elementor-element elementor-element-55c321a elementor-widget elementor-widget-heading\" data-id=\"55c321a\" data-element_type=\"widget\" data-widget_type=\"heading.default\">\n\t\t\t\t<div class=\"elementor-widget-container\">\n\t\t\t<h1 class=\"elementor-heading-title elementor-size-default\">Alto Adige Guest Pass <\/h1>\t\t<\/div>\n\t\t\t\t<\/div>\n\t\t\t\t<div class=\"elementor-element elementor-element-3fdc41e elementor-widget elementor-widget-text-editor\" data-id=\"3fdc41e\" data-element_type=\"widget\" data-widget_type=\"text-editor.default\">\n\t\t\t\t<div class=\"elementor-widget-container\">\n\t\t\t\t\t\t\t<p>L\u2019Alto Adige Guest Pass \u00e8 una carta vantaggi che ti daremo in omaggio al tuo arrivo. Potrai usarlo non solo per viaggiare gratuitamente sui mezzi pubblici dell\u2019Alto Adige, ma anche per ottenere l\u2019ingresso gratuito in vari musei e piscine, per partecipare alle escursioni guidate dell\u2019associazione turistica locale e altro ancora.<\/p>\n\t\t\t\t\t\t<\/div>\n\t\t\t\t<\/div>\n\t\t\t\t<div class=\"elementor-element elementor-element-462f711 btn invert btn-rnd elementor-widget elementor-widget-button\" data-id=\"462f711\" data-element_type=\"widget\" data-widget_type=\"button.default\">\n\t\t\t\t<div class=\"elementor-widget-container\">\n\t\t\t\t\t<div class=\"elementor-button-wrapper\">\n\t\t\t<a class=\"elementor-button elementor-button-link elementor-size-sm\" href=\"https:\/\/www.klausen.it\/it\/pianifica-ora\/guest-pass.html\" target=\"_blank\">\n\t\t\t\t\t\t<span class=\"elementor-button-content-wrapper\">\n\t\t\t\t\t\t<span class=\"elementor-button-text\">Per saperne di pi\u00f9<\/span>\n\t\t<\/span>\n\t\t\t\t\t<\/a>\n\t\t<\/div>\n\t\t\t\t<\/div>\n\t\t\t\t<\/div>\n\t\t\t\t<\/div>\n\t\t\t\t<\/div>\n\t\t\t\t<\/section>\n\t\t\t\t\t\t\t<\/div>\n\t\t","protected":false},"excerpt":{"rendered":"<p>La vacanza? Attiva \u00e8 meglio! In Alto Adige tra sentieri escursionistici, percorsi ciclistici e piste da sci Eh s\u00ec, siamo proprio fortunati: appena fuori dalla nostra porta, si apre un mondo pieno di possibilit\u00e0 per chi vuole fare attivit\u00e0 all\u2019aperto. Sull\u2019Alpe di Villandro ti aspetta un paradiso escursionistico adatto a tutta la famiglia. Se preferisci [&hellip;]<\/p>\n","protected":false},"author":1,"featured_media":0,"parent":0,"menu_order":0,"comment_status":"closed","ping_status":"closed","template":"","meta":{"footnotes":""},"yoast_head":"<!-- This site is optimized with the Yoast SEO plugin v21.5 - https:\/\/yoast.com\/wordpress\/plugins\/seo\/ -->\n<title>Escursioni in Alto Adige &gt; vacanze a tutta natura<\/title>\n<meta name=\"description\" content=\"Voglia di una vacanza escursionistica in Alto Adige? I sentieri pi\u00f9 belli di Chiusa e dintorni partono direttamente dal tuo appartamento. Scopri l\u2019agriturismo Tanovinum, in Valle Isarco!\" \/>\n<meta name=\"robots\" content=\"index, follow, max-snippet:-1, max-image-preview:large, max-video-preview:-1\" \/>\n<link rel=\"canonical\" href=\"https:\/\/www.tanovinum.com\/it\/activ\/\" \/>\n<meta property=\"og:locale\" content=\"it_IT\" \/>\n<meta property=\"og:type\" content=\"article\" \/>\n<meta property=\"og:title\" content=\"Escursioni in Alto Adige &gt; vacanze a tutta natura\" \/>\n<meta property=\"og:description\" content=\"Voglia di una vacanza escursionistica in Alto Adige? I sentieri pi\u00f9 belli di Chiusa e dintorni partono direttamente dal tuo appartamento. Scopri l\u2019agriturismo Tanovinum, in Valle Isarco!\" \/>\n<meta property=\"og:url\" content=\"https:\/\/www.tanovinum.com\/it\/activ\/\" \/>\n<meta property=\"og:site_name\" content=\"Tan\u00f6tscherhof\" \/>\n<meta property=\"article:modified_time\" content=\"2024-02-23T11:50:32+00:00\" \/>\n<meta property=\"og:image\" content=\"https:\/\/www.tanovinum.com\/wp-content\/uploads\/2023\/12\/idm07491arte.jpg\" \/>\n<meta name=\"twitter:card\" content=\"summary_large_image\" \/>\n<meta name=\"twitter:label1\" content=\"Tempo di lettura stimato\" \/>\n\t<meta name=\"twitter:data1\" content=\"4 minuti\" \/>\n<script type=\"application\/ld+json\" class=\"yoast-schema-graph\">{\"@context\":\"https:\/\/schema.org\",\"@graph\":[{\"@type\":\"WebPage\",\"@id\":\"https:\/\/www.tanovinum.com\/it\/activ\/\",\"url\":\"https:\/\/www.tanovinum.com\/it\/activ\/\",\"name\":\"Escursioni in Alto Adige > vacanze a tutta natura\",\"isPartOf\":{\"@id\":\"https:\/\/www.tanovinum.com\/it\/#website\"},\"datePublished\":\"2023-11-29T15:36:34+00:00\",\"dateModified\":\"2024-02-23T11:50:32+00:00\",\"description\":\"Voglia di una vacanza escursionistica in Alto Adige? I sentieri pi\u00f9 belli di Chiusa e dintorni partono direttamente dal tuo appartamento. Scopri l\u2019agriturismo Tanovinum, in Valle Isarco!\",\"breadcrumb\":{\"@id\":\"https:\/\/www.tanovinum.com\/it\/activ\/#breadcrumb\"},\"inLanguage\":\"it-IT\",\"potentialAction\":[{\"@type\":\"ReadAction\",\"target\":[\"https:\/\/www.tanovinum.com\/it\/activ\/\"]}]},{\"@type\":\"BreadcrumbList\",\"@id\":\"https:\/\/www.tanovinum.com\/it\/activ\/#breadcrumb\",\"itemListElement\":[{\"@type\":\"ListItem\",\"position\":1,\"name\":\"Startseite\",\"item\":\"https:\/\/www.tanovinum.com\/it\/\"},{\"@type\":\"ListItem\",\"position\":2,\"name\":\"Escursioni in Alto Adige > vacanze a tutta natura\"}]},{\"@type\":\"WebSite\",\"@id\":\"https:\/\/www.tanovinum.com\/it\/#website\",\"url\":\"https:\/\/www.tanovinum.com\/it\/\",\"name\":\"Tan\u00f6tscherhof\",\"description\":\"\",\"publisher\":{\"@id\":\"https:\/\/www.tanovinum.com\/it\/#organization\"},\"potentialAction\":[{\"@type\":\"SearchAction\",\"target\":{\"@type\":\"EntryPoint\",\"urlTemplate\":\"https:\/\/www.tanovinum.com\/it\/?s={search_term_string}\"},\"query-input\":\"required name=search_term_string\"}],\"inLanguage\":\"it-IT\"},{\"@type\":\"Organization\",\"@id\":\"https:\/\/www.tanovinum.com\/it\/#organization\",\"name\":\"Tan\u00f6tscherhof\",\"url\":\"https:\/\/www.tanovinum.com\/it\/\",\"logo\":{\"@type\":\"ImageObject\",\"inLanguage\":\"it-IT\",\"@id\":\"https:\/\/www.tanovinum.com\/it\/#\/schema\/logo\/image\/\",\"url\":\"https:\/\/www.tanovinum.com\/wp-content\/uploads\/2023\/11\/Gruppe-35.svg\",\"contentUrl\":\"https:\/\/www.tanovinum.com\/wp-content\/uploads\/2023\/11\/Gruppe-35.svg\",\"width\":396,\"height\":272,\"caption\":\"Tan\u00f6tscherhof\"},\"image\":{\"@id\":\"https:\/\/www.tanovinum.com\/it\/#\/schema\/logo\/image\/\"}}]}<\/script>\n<!-- \/ Yoast SEO plugin. -->","yoast_head_json":{"title":"Escursioni in Alto Adige > vacanze a tutta natura","description":"Voglia di una vacanza escursionistica in Alto Adige? I sentieri pi\u00f9 belli di Chiusa e dintorni partono direttamente dal tuo appartamento. Scopri l\u2019agriturismo Tanovinum, in Valle Isarco!","robots":{"index":"index","follow":"follow","max-snippet":"max-snippet:-1","max-image-preview":"max-image-preview:large","max-video-preview":"max-video-preview:-1"},"canonical":"https:\/\/www.tanovinum.com\/it\/activ\/","og_locale":"it_IT","og_type":"article","og_title":"Escursioni in Alto Adige > vacanze a tutta natura","og_description":"Voglia di una vacanza escursionistica in Alto Adige? I sentieri pi\u00f9 belli di Chiusa e dintorni partono direttamente dal tuo appartamento. Scopri l\u2019agriturismo Tanovinum, in Valle Isarco!","og_url":"https:\/\/www.tanovinum.com\/it\/activ\/","og_site_name":"Tan\u00f6tscherhof","article_modified_time":"2024-02-23T11:50:32+00:00","og_image":[{"url":"https:\/\/www.tanovinum.com\/wp-content\/uploads\/2023\/12\/idm07491arte.jpg"}],"twitter_card":"summary_large_image","twitter_misc":{"Tempo di lettura stimato":"4 minuti"},"schema":{"@context":"https:\/\/schema.org","@graph":[{"@type":"WebPage","@id":"https:\/\/www.tanovinum.com\/it\/activ\/","url":"https:\/\/www.tanovinum.com\/it\/activ\/","name":"Escursioni in Alto Adige > vacanze a tutta natura","isPartOf":{"@id":"https:\/\/www.tanovinum.com\/it\/#website"},"datePublished":"2023-11-29T15:36:34+00:00","dateModified":"2024-02-23T11:50:32+00:00","description":"Voglia di una vacanza escursionistica in Alto Adige? I sentieri pi\u00f9 belli di Chiusa e dintorni partono direttamente dal tuo appartamento. Scopri l\u2019agriturismo Tanovinum, in Valle Isarco!","breadcrumb":{"@id":"https:\/\/www.tanovinum.com\/it\/activ\/#breadcrumb"},"inLanguage":"it-IT","potentialAction":[{"@type":"ReadAction","target":["https:\/\/www.tanovinum.com\/it\/activ\/"]}]},{"@type":"BreadcrumbList","@id":"https:\/\/www.tanovinum.com\/it\/activ\/#breadcrumb","itemListElement":[{"@type":"ListItem","position":1,"name":"Startseite","item":"https:\/\/www.tanovinum.com\/it\/"},{"@type":"ListItem","position":2,"name":"Escursioni in Alto Adige > vacanze a tutta natura"}]},{"@type":"WebSite","@id":"https:\/\/www.tanovinum.com\/it\/#website","url":"https:\/\/www.tanovinum.com\/it\/","name":"Tan\u00f6tscherhof","description":"","publisher":{"@id":"https:\/\/www.tanovinum.com\/it\/#organization"},"potentialAction":[{"@type":"SearchAction","target":{"@type":"EntryPoint","urlTemplate":"https:\/\/www.tanovinum.com\/it\/?s={search_term_string}"},"query-input":"required name=search_term_string"}],"inLanguage":"it-IT"},{"@type":"Organization","@id":"https:\/\/www.tanovinum.com\/it\/#organization","name":"Tan\u00f6tscherhof","url":"https:\/\/www.tanovinum.com\/it\/","logo":{"@type":"ImageObject","inLanguage":"it-IT","@id":"https:\/\/www.tanovinum.com\/it\/#\/schema\/logo\/image\/","url":"https:\/\/www.tanovinum.com\/wp-content\/uploads\/2023\/11\/Gruppe-35.svg","contentUrl":"https:\/\/www.tanovinum.com\/wp-content\/uploads\/2023\/11\/Gruppe-35.svg","width":396,"height":272,"caption":"Tan\u00f6tscherhof"},"image":{"@id":"https:\/\/www.tanovinum.com\/it\/#\/schema\/logo\/image\/"}}]}},"_links":{"self":[{"href":"https:\/\/www.tanovinum.com\/it\/wp-json\/wp\/v2\/pages\/1397"}],"collection":[{"href":"https:\/\/www.tanovinum.com\/it\/wp-json\/wp\/v2\/pages"}],"about":[{"href":"https:\/\/www.tanovinum.com\/it\/wp-json\/wp\/v2\/types\/page"}],"author":[{"embeddable":true,"href":"https:\/\/www.tanovinum.com\/it\/wp-json\/wp\/v2\/users\/1"}],"replies":[{"embeddable":true,"href":"https:\/\/www.tanovinum.com\/it\/wp-json\/wp\/v2\/comments?post=1397"}],"version-history":[{"count":6,"href":"https:\/\/www.tanovinum.com\/it\/wp-json\/wp\/v2\/pages\/1397\/revisions"}],"predecessor-version":[{"id":2104,"href":"https:\/\/www.tanovinum.com\/it\/wp-json\/wp\/v2\/pages\/1397\/revisions\/2104"}],"wp:attachment":[{"href":"https:\/\/www.tanovinum.com\/it\/wp-json\/wp\/v2\/media?parent=1397"}],"curies":[{"name":"wp","href":"https:\/\/api.w.org\/{rel}","templated":true}]}}