{"id":1391,"date":"2023-11-30T07:30:46","date_gmt":"2023-11-30T07:30:46","guid":{"rendered":"https:\/\/www.tanovinum.com\/kulinarischer-herbst\/"},"modified":"2024-02-23T11:50:20","modified_gmt":"2024-02-23T11:50:20","slug":"kulinarischer-herbst","status":"publish","type":"page","link":"https:\/\/www.tanovinum.com\/it\/kulinarischer-herbst\/","title":{"rendered":"Il T\u00f6rggelen in Valle Isarco: deliziosa tradizione!"},"content":{"rendered":"\t\t<div data-elementor-type=\"wp-page\" data-elementor-id=\"1391\" class=\"elementor elementor-1391 elementor-384\" data-elementor-post-type=\"page\">\n\t\t\t\t\t\t\t<div class=\"elementor-element elementor-element-c55f7d1 e-con-full e-flex e-con e-parent\" data-id=\"c55f7d1\" data-element_type=\"container\" data-settings=\"{&quot;content_width&quot;:&quot;full&quot;,&quot;background_background&quot;:&quot;slideshow&quot;,&quot;background_slideshow_gallery&quot;:[{&quot;id&quot;:388,&quot;url&quot;:&quot;https:\\\/\\\/www.tanovinum.com\\\/wp-content\\\/uploads\\\/2023\\\/11\\\/Keste_Rene-Gruber-2-scaled.jpg&quot;},{&quot;id&quot;:387,&quot;url&quot;:&quot;https:\\\/\\\/www.tanovinum.com\\\/wp-content\\\/uploads\\\/2023\\\/11\\\/IDM-Suedtirol-Alex-Filz-scaled.jpg&quot;},{&quot;id&quot;:386,&quot;url&quot;:&quot;https:\\\/\\\/www.tanovinum.com\\\/wp-content\\\/uploads\\\/2023\\\/11\\\/C-Konrad-Faltner-scaled.jpg&quot;}],&quot;container_type&quot;:&quot;flex&quot;,&quot;background_slideshow_loop&quot;:&quot;yes&quot;,&quot;background_slideshow_slide_duration&quot;:5000,&quot;background_slideshow_slide_transition&quot;:&quot;fade&quot;,&quot;background_slideshow_transition_duration&quot;:500}\" data-core-v316-plus=\"true\">\n\t\t\t\t<\/div>\n\t\t<section class=\"elementor-element elementor-element-861dfac e-con-full c-wrapper after-effect e-flex e-con e-parent\" data-id=\"861dfac\" data-element_type=\"container\" data-settings=\"{&quot;content_width&quot;:&quot;full&quot;,&quot;container_type&quot;:&quot;flex&quot;}\" data-core-v316-plus=\"true\">\n\t\t<div class=\"elementor-element elementor-element-b937963 e-con-full c-inner e-flex e-con e-child\" data-id=\"b937963\" data-element_type=\"container\" data-settings=\"{&quot;content_width&quot;:&quot;full&quot;,&quot;container_type&quot;:&quot;flex&quot;}\">\n\t\t<div class=\"elementor-element elementor-element-7283456 e-con-full w-80 e-flex e-con e-child\" data-id=\"7283456\" data-element_type=\"container\" data-settings=\"{&quot;content_width&quot;:&quot;full&quot;,&quot;container_type&quot;:&quot;flex&quot;}\">\n\t\t\t\t<div class=\"elementor-element elementor-element-05bf478 elementor-widget elementor-widget-heading\" data-id=\"05bf478\" data-element_type=\"widget\" data-widget_type=\"heading.default\">\n\t\t\t\t<div class=\"elementor-widget-container\">\n\t\t\t<style>\/*! elementor - v3.17.0 - 08-11-2023 *\/\n.elementor-heading-title{padding:0;margin:0;line-height:1}.elementor-widget-heading .elementor-heading-title[class*=elementor-size-]>a{color:inherit;font-size:inherit;line-height:inherit}.elementor-widget-heading .elementor-heading-title.elementor-size-small{font-size:15px}.elementor-widget-heading .elementor-heading-title.elementor-size-medium{font-size:19px}.elementor-widget-heading .elementor-heading-title.elementor-size-large{font-size:29px}.elementor-widget-heading .elementor-heading-title.elementor-size-xl{font-size:39px}.elementor-widget-heading .elementor-heading-title.elementor-size-xxl{font-size:59px}<\/style><h1 class=\"elementor-heading-title elementor-size-default\">T\u00f6rggelen: la stagione del gusto in Valle Isarco <\/h1>\t\t<\/div>\n\t\t\t\t<\/div>\n\t\t\t\t<div class=\"elementor-element elementor-element-3961566 elementor-widget elementor-widget-heading\" data-id=\"3961566\" data-element_type=\"widget\" data-widget_type=\"heading.default\">\n\t\t\t\t<div class=\"elementor-widget-container\">\n\t\t\t<h2 class=\"elementor-heading-title elementor-size-default\">In autunno, a farla da protagonisti sono il vino nuovo, le caldarroste e tante golose specialit\u00e0 tradizionali... <\/h2>\t\t<\/div>\n\t\t\t\t<\/div>\n\t\t\t\t<div class=\"elementor-element elementor-element-5b92cb7 elementor-widget elementor-widget-text-editor\" data-id=\"5b92cb7\" data-element_type=\"widget\" data-widget_type=\"text-editor.default\">\n\t\t\t\t<div class=\"elementor-widget-container\">\n\t\t\t<style>\/*! elementor - v3.17.0 - 08-11-2023 *\/\n.elementor-widget-text-editor.elementor-drop-cap-view-stacked .elementor-drop-cap{background-color:#69727d;color:#fff}.elementor-widget-text-editor.elementor-drop-cap-view-framed .elementor-drop-cap{color:#69727d;border:3px solid;background-color:transparent}.elementor-widget-text-editor:not(.elementor-drop-cap-view-default) .elementor-drop-cap{margin-top:8px}.elementor-widget-text-editor:not(.elementor-drop-cap-view-default) .elementor-drop-cap-letter{width:1em;height:1em}.elementor-widget-text-editor .elementor-drop-cap{float:left;text-align:center;line-height:1;font-size:50px}.elementor-widget-text-editor .elementor-drop-cap-letter{display:inline-block}<\/style>\t\t\t\t<p>In Alto Adige ogni stagione ha il suo fascino, ma l\u2019autunno ha quel qualcosa in pi\u00f9. Sar\u00e0 per l\u2019uva e le mele che pendono invitanti dai rami, o per il profumo di caldarroste che aleggia nell\u2019aria\u2026 Sar\u00e0 che le temperature miti invitano a fare escursioni a piedi o in bici in mezzo ai caldi colori della natura che si prepara ad assopirsi. O semplicemente per il T\u00f6rggelen: la golosa tradizione che ha avuto origine proprio qui in Valle Isarco, e che ha ormai conquistato tutto l\u2019Alto Adige.<\/p>\n\t\t\t\t\t\t<\/div>\n\t\t\t\t<\/div>\n\t\t\t\t<\/div>\n\t\t\t\t<\/div>\n\t\t\t\t<\/section>\n\t\t<section class=\"elementor-element elementor-element-176a991 e-con-full c-wrapper t-0  w-100 e-flex e-con e-parent\" data-id=\"176a991\" data-element_type=\"container\" data-settings=\"{&quot;content_width&quot;:&quot;full&quot;,&quot;background_background&quot;:&quot;classic&quot;,&quot;container_type&quot;:&quot;flex&quot;}\" data-core-v316-plus=\"true\">\n\t\t<div class=\"elementor-element elementor-element-16e6ae3 e-con-full c-inner w-100 e-flex e-con e-child\" data-id=\"16e6ae3\" data-element_type=\"container\" data-settings=\"{&quot;content_width&quot;:&quot;full&quot;,&quot;container_type&quot;:&quot;flex&quot;}\">\n\t\t\t\t<div class=\"elementor-element elementor-element-c2ab832 elementor-widget elementor-widget-image\" data-id=\"c2ab832\" data-element_type=\"widget\" data-widget_type=\"image.default\">\n\t\t\t\t<div class=\"elementor-widget-container\">\n\t\t\t<style>\/*! elementor - v3.17.0 - 08-11-2023 *\/\n.elementor-widget-image{text-align:center}.elementor-widget-image a{display:inline-block}.elementor-widget-image a img[src$=\".svg\"]{width:48px}.elementor-widget-image img{vertical-align:middle;display:inline-block}<\/style>\t\t\t\t\t\t\t\t\t\t\t\t<img fetchpriority=\"high\" decoding=\"async\" width=\"800\" height=\"674\" src=\"https:\/\/www.tanovinum.com\/wp-content\/uploads\/2023\/11\/Suedtirol_Herbst_Kampagne_IDM_Herbst_Toerggelen_Sideshots_2387-1024x863.png\" class=\"attachment-large size-large wp-image-338\" alt=\"\" srcset=\"https:\/\/www.tanovinum.com\/wp-content\/uploads\/2023\/11\/Suedtirol_Herbst_Kampagne_IDM_Herbst_Toerggelen_Sideshots_2387-1024x863.png 1024w, https:\/\/www.tanovinum.com\/wp-content\/uploads\/2023\/11\/Suedtirol_Herbst_Kampagne_IDM_Herbst_Toerggelen_Sideshots_2387-300x253.png 300w, https:\/\/www.tanovinum.com\/wp-content\/uploads\/2023\/11\/Suedtirol_Herbst_Kampagne_IDM_Herbst_Toerggelen_Sideshots_2387-768x647.png 768w, https:\/\/www.tanovinum.com\/wp-content\/uploads\/2023\/11\/Suedtirol_Herbst_Kampagne_IDM_Herbst_Toerggelen_Sideshots_2387.png 1280w\" sizes=\"(max-width: 800px) 100vw, 800px\" \/>\t\t\t\t\t\t\t\t\t\t\t\t\t\t\t<\/div>\n\t\t\t\t<\/div>\n\t\t<div class=\"elementor-element elementor-element-3852287 e-con-full w-30 e-flex e-con e-child\" data-id=\"3852287\" data-element_type=\"container\" data-settings=\"{&quot;content_width&quot;:&quot;full&quot;,&quot;container_type&quot;:&quot;flex&quot;}\">\n\t\t\t\t<div class=\"elementor-element elementor-element-dda10fe elementor-widget elementor-widget-heading\" data-id=\"dda10fe\" data-element_type=\"widget\" data-widget_type=\"heading.default\">\n\t\t\t\t<div class=\"elementor-widget-container\">\n\t\t\t<h1 class=\"elementor-heading-title elementor-size-default\">Il T\u00f6rggelen originale della Valle Isarco <\/h1>\t\t<\/div>\n\t\t\t\t<\/div>\n\t\t\t\t<div class=\"elementor-element elementor-element-519333c elementor-widget elementor-widget-text-editor\" data-id=\"519333c\" data-element_type=\"widget\" data-widget_type=\"text-editor.default\">\n\t\t\t\t<div class=\"elementor-widget-container\">\n\t\t\t\t\t\t\t<p>Vino nuovo, succulenti piatti tradizionali e profumate caldarroste. Una breve passeggiata con partenza direttamente dal nostro maso, e presto ti troverai a gustare gli autentici sapori del T\u00f6rggelen in una delle taverne contadine della zona.<\/p>\n\t\t\t\t\t\t<\/div>\n\t\t\t\t<\/div>\n\t\t\t\t<div class=\"elementor-element elementor-element-1d165b2 btn btn-rnd hide elementor-widget elementor-widget-button\" data-id=\"1d165b2\" data-element_type=\"widget\" data-widget_type=\"button.default\">\n\t\t\t\t<div class=\"elementor-widget-container\">\n\t\t\t\t\t<div class=\"elementor-button-wrapper\">\n\t\t\t<a class=\"elementor-button elementor-button-link elementor-size-sm\" href=\"#\">\n\t\t\t\t\t\t<span class=\"elementor-button-content-wrapper\">\n\t\t\t\t\t\t<span class=\"elementor-button-text\">Per saperne di pi\u00f9<\/span>\n\t\t<\/span>\n\t\t\t\t\t<\/a>\n\t\t<\/div>\n\t\t\t\t<\/div>\n\t\t\t\t<\/div>\n\t\t\t\t<\/div>\n\t\t\t\t<\/div>\n\t\t<div class=\"elementor-element elementor-element-d95f3c2 e-con-full c-inner w-80 e-flex e-con e-child\" data-id=\"d95f3c2\" data-element_type=\"container\" data-settings=\"{&quot;content_width&quot;:&quot;full&quot;,&quot;container_type&quot;:&quot;flex&quot;}\">\n\t\t\t\t<div class=\"elementor-element elementor-element-79a853f elementor-widget elementor-widget-image\" data-id=\"79a853f\" data-element_type=\"widget\" data-widget_type=\"image.default\">\n\t\t\t\t<div class=\"elementor-widget-container\">\n\t\t\t\t\t\t\t\t\t\t\t\t\t\t\t<img decoding=\"async\" width=\"800\" height=\"813\" src=\"https:\/\/www.tanovinum.com\/wp-content\/uploads\/2023\/11\/Rechteck-2-1008x1024.png\" class=\"attachment-large size-large wp-image-176\" alt=\"\" srcset=\"https:\/\/www.tanovinum.com\/wp-content\/uploads\/2023\/11\/Rechteck-2-1008x1024.png 1008w, https:\/\/www.tanovinum.com\/wp-content\/uploads\/2023\/11\/Rechteck-2-295x300.png 295w, https:\/\/www.tanovinum.com\/wp-content\/uploads\/2023\/11\/Rechteck-2-768x780.png 768w, https:\/\/www.tanovinum.com\/wp-content\/uploads\/2023\/11\/Rechteck-2.png 1063w\" sizes=\"(max-width: 800px) 100vw, 800px\" \/>\t\t\t\t\t\t\t\t\t\t\t\t\t\t\t<\/div>\n\t\t\t\t<\/div>\n\t\t<div class=\"elementor-element elementor-element-fa91deb e-con-full w-40 e-flex e-con e-child\" data-id=\"fa91deb\" data-element_type=\"container\" data-settings=\"{&quot;content_width&quot;:&quot;full&quot;,&quot;container_type&quot;:&quot;flex&quot;}\">\n\t\t\t\t<div class=\"elementor-element elementor-element-41a5318 elementor-widget elementor-widget-heading\" data-id=\"41a5318\" data-element_type=\"widget\" data-widget_type=\"heading.default\">\n\t\t\t\t<div class=\"elementor-widget-container\">\n\t\t\t<h1 class=\"elementor-heading-title elementor-size-default\">Tempo di vendemmia <\/h1>\t\t<\/div>\n\t\t\t\t<\/div>\n\t\t\t\t<div class=\"elementor-element elementor-element-b1d0261 elementor-widget elementor-widget-text-editor\" data-id=\"b1d0261\" data-element_type=\"widget\" data-widget_type=\"text-editor.default\">\n\t\t\t\t<div class=\"elementor-widget-container\">\n\t\t\t\t\t\t\t<p>Anche per noi l\u2019autunno \u00e8 sinonimo di vendemmia. Raccogliamo le uve mature e gi\u00e0 non vediamo l\u2019ora di gustare l\u2019ottimo vino che ne sapr\u00e0 ricavare la cantina Valle Isarco!<\/p>\n\t\t\t\t\t\t<\/div>\n\t\t\t\t<\/div>\n\t\t\t\t<div class=\"elementor-element elementor-element-758ca30 btn btn-rnd hide elementor-widget elementor-widget-button\" data-id=\"758ca30\" data-element_type=\"widget\" data-widget_type=\"button.default\">\n\t\t\t\t<div class=\"elementor-widget-container\">\n\t\t\t\t\t<div class=\"elementor-button-wrapper\">\n\t\t\t<a class=\"elementor-button elementor-button-link elementor-size-sm\" href=\"#\">\n\t\t\t\t\t\t<span class=\"elementor-button-content-wrapper\">\n\t\t\t\t\t\t<span class=\"elementor-button-text\">Per saperne di pi\u00f9<\/span>\n\t\t<\/span>\n\t\t\t\t\t<\/a>\n\t\t<\/div>\n\t\t\t\t<\/div>\n\t\t\t\t<\/div>\n\t\t\t\t<\/div>\n\t\t\t\t<\/div>\n\t\t<div class=\"elementor-element elementor-element-63730b7 e-con-full c-inner w-80 e-flex e-con e-child\" data-id=\"63730b7\" data-element_type=\"container\" data-settings=\"{&quot;content_width&quot;:&quot;full&quot;,&quot;container_type&quot;:&quot;flex&quot;}\">\n\t\t\t\t<div class=\"elementor-element elementor-element-46f263e elementor-widget elementor-widget-image\" data-id=\"46f263e\" data-element_type=\"widget\" data-widget_type=\"image.default\">\n\t\t\t\t<div class=\"elementor-widget-container\">\n\t\t\t\t\t\t\t\t\t\t\t\t\t\t\t<img decoding=\"async\" width=\"800\" height=\"534\" src=\"https:\/\/www.tanovinum.com\/wp-content\/uploads\/2023\/11\/Keste_Rene-Gruber-2-1024x683.jpg\" class=\"attachment-large size-large wp-image-388\" alt=\"\" srcset=\"https:\/\/www.tanovinum.com\/wp-content\/uploads\/2023\/11\/Keste_Rene-Gruber-2-1024x683.jpg 1024w, https:\/\/www.tanovinum.com\/wp-content\/uploads\/2023\/11\/Keste_Rene-Gruber-2-300x200.jpg 300w, https:\/\/www.tanovinum.com\/wp-content\/uploads\/2023\/11\/Keste_Rene-Gruber-2-768x512.jpg 768w, https:\/\/www.tanovinum.com\/wp-content\/uploads\/2023\/11\/Keste_Rene-Gruber-2-1536x1024.jpg 1536w, https:\/\/www.tanovinum.com\/wp-content\/uploads\/2023\/11\/Keste_Rene-Gruber-2-2048x1365.jpg 2048w\" sizes=\"(max-width: 800px) 100vw, 800px\" \/>\t\t\t\t\t\t\t\t\t\t\t\t\t\t\t<\/div>\n\t\t\t\t<\/div>\n\t\t<div class=\"elementor-element elementor-element-2ea3121 e-con-full w-40 e-flex e-con e-child\" data-id=\"2ea3121\" data-element_type=\"container\" data-settings=\"{&quot;content_width&quot;:&quot;full&quot;,&quot;container_type&quot;:&quot;flex&quot;}\">\n\t\t\t\t<div class=\"elementor-element elementor-element-053e3ad elementor-widget elementor-widget-heading\" data-id=\"053e3ad\" data-element_type=\"widget\" data-widget_type=\"heading.default\">\n\t\t\t\t<div class=\"elementor-widget-container\">\n\t\t\t<h1 class=\"elementor-heading-title elementor-size-default\">Una passeggiata sul Sentiero del Castagno <\/h1>\t\t<\/div>\n\t\t\t\t<\/div>\n\t\t\t\t<div class=\"elementor-element elementor-element-c6ccedd elementor-widget elementor-widget-text-editor\" data-id=\"c6ccedd\" data-element_type=\"widget\" data-widget_type=\"text-editor.default\">\n\t\t\t\t<div class=\"elementor-widget-container\">\n\t\t\t\t\t\t\t<p>Il Sentiero del Castagno della Valle Isarco \u00e8 un bellissimo percorso che, passando davanti a noi, porta ad attraversare castagneti, prati e campi. Una full immersion nei colori autunnali che offre anche fantastici scorci.<\/p>\n\t\t\t\t\t\t<\/div>\n\t\t\t\t<\/div>\n\t\t\t\t<div class=\"elementor-element elementor-element-801e368 btn btn-rnd hide elementor-widget elementor-widget-button\" data-id=\"801e368\" data-element_type=\"widget\" data-widget_type=\"button.default\">\n\t\t\t\t<div class=\"elementor-widget-container\">\n\t\t\t\t\t<div class=\"elementor-button-wrapper\">\n\t\t\t<a class=\"elementor-button elementor-button-link elementor-size-sm\" href=\"#\">\n\t\t\t\t\t\t<span class=\"elementor-button-content-wrapper\">\n\t\t\t\t\t\t<span class=\"elementor-button-text\">Per saperne di pi\u00f9<\/span>\n\t\t<\/span>\n\t\t\t\t\t<\/a>\n\t\t<\/div>\n\t\t\t\t<\/div>\n\t\t\t\t<\/div>\n\t\t\t\t<\/div>\n\t\t\t\t<\/div>\n\t\t\t\t<\/section>\n\t\t<section class=\"elementor-element elementor-element-5963349 e-con-full c-wrapper sportlich e-flex e-con e-parent\" data-id=\"5963349\" data-element_type=\"container\" data-settings=\"{&quot;content_width&quot;:&quot;full&quot;,&quot;background_background&quot;:&quot;classic&quot;,&quot;container_type&quot;:&quot;flex&quot;}\" data-e-bg-lazyload=\"\" data-core-v316-plus=\"true\">\n\t\t<div class=\"elementor-element elementor-element-75c3d22 e-con-full c-inner e-flex e-con e-child\" data-id=\"75c3d22\" data-element_type=\"container\" data-settings=\"{&quot;content_width&quot;:&quot;full&quot;,&quot;container_type&quot;:&quot;flex&quot;}\">\n\t\t<div class=\"elementor-element elementor-element-f1ca53b e-con-full w-80 e-flex e-con e-child\" data-id=\"f1ca53b\" data-element_type=\"container\" data-settings=\"{&quot;content_width&quot;:&quot;full&quot;,&quot;container_type&quot;:&quot;flex&quot;}\">\n\t\t\t\t<div class=\"elementor-element elementor-element-d17f00a elementor-widget elementor-widget-heading\" data-id=\"d17f00a\" data-element_type=\"widget\" data-widget_type=\"heading.default\">\n\t\t\t\t<div class=\"elementor-widget-container\">\n\t\t\t<h1 class=\"elementor-heading-title elementor-size-default\">Eventi gastronomici <\/h1>\t\t<\/div>\n\t\t\t\t<\/div>\n\t\t\t\t<div class=\"elementor-element elementor-element-68e47a4 elementor-widget elementor-widget-text-editor\" data-id=\"68e47a4\" data-element_type=\"widget\" data-widget_type=\"text-editor.default\">\n\t\t\t\t<div class=\"elementor-widget-container\">\n\t\t\t\t\t\t\t<p>Il Gasslt\u00f6rggelen<em> a <\/em>Chiusa, il mercato del pane e dello strudel a Bressanone e la Festa dello Speck a Funes: tre eventi da non perdere per gustare i migliori sapori della tradizione altoatesina.<\/p>\n\t\t\t\t\t\t<\/div>\n\t\t\t\t<\/div>\n\t\t\t\t<\/div>\n\t\t\t\t<\/div>\n\t\t\t\t<\/section>\n\t\t<section class=\"elementor-element elementor-element-8d964af e-con-full c-wrapper  w-100 e-flex e-con e-parent\" data-id=\"8d964af\" data-element_type=\"container\" data-settings=\"{&quot;content_width&quot;:&quot;full&quot;,&quot;background_background&quot;:&quot;classic&quot;,&quot;container_type&quot;:&quot;flex&quot;}\" data-core-v316-plus=\"true\">\n\t\t<div class=\"elementor-element elementor-element-d793f13 e-con-full c-inner w-100 e-flex e-con e-child\" data-id=\"d793f13\" data-element_type=\"container\" data-settings=\"{&quot;content_width&quot;:&quot;full&quot;,&quot;container_type&quot;:&quot;flex&quot;}\">\n\t\t\t\t<div class=\"elementor-element elementor-element-5e5ac00 elementor-widget elementor-widget-image\" data-id=\"5e5ac00\" data-element_type=\"widget\" data-widget_type=\"image.default\">\n\t\t\t\t<div class=\"elementor-widget-container\">\n\t\t\t\t\t\t\t\t\t\t\t\t\t\t\t<img loading=\"lazy\" decoding=\"async\" width=\"800\" height=\"532\" src=\"https:\/\/www.tanovinum.com\/wp-content\/uploads\/2023\/11\/20220921_114225_\u00a9fabianleitner_LTN_2854.jpg\" class=\"attachment-large size-large wp-image-392\" alt=\"\" srcset=\"https:\/\/www.tanovinum.com\/wp-content\/uploads\/2023\/11\/20220921_114225_\u00a9fabianleitner_LTN_2854.jpg 900w, https:\/\/www.tanovinum.com\/wp-content\/uploads\/2023\/11\/20220921_114225_\u00a9fabianleitner_LTN_2854-300x200.jpg 300w, https:\/\/www.tanovinum.com\/wp-content\/uploads\/2023\/11\/20220921_114225_\u00a9fabianleitner_LTN_2854-768x511.jpg 768w\" sizes=\"(max-width: 800px) 100vw, 800px\" \/>\t\t\t\t\t\t\t\t\t\t\t\t\t\t\t<\/div>\n\t\t\t\t<\/div>\n\t\t<div class=\"elementor-element elementor-element-4372e99 e-con-full w-30 e-flex e-con e-child\" data-id=\"4372e99\" data-element_type=\"container\" data-settings=\"{&quot;content_width&quot;:&quot;full&quot;,&quot;container_type&quot;:&quot;flex&quot;}\">\n\t\t\t\t<div class=\"elementor-element elementor-element-7a0876c elementor-widget elementor-widget-heading\" data-id=\"7a0876c\" data-element_type=\"widget\" data-widget_type=\"heading.default\">\n\t\t\t\t<div class=\"elementor-widget-container\">\n\t\t\t<h1 class=\"elementor-heading-title elementor-size-default\">Tradizioni da vivere <\/h1>\t\t<\/div>\n\t\t\t\t<\/div>\n\t\t\t\t<div class=\"elementor-element elementor-element-7387be9 elementor-widget elementor-widget-text-editor\" data-id=\"7387be9\" data-element_type=\"widget\" data-widget_type=\"text-editor.default\">\n\t\t\t\t<div class=\"elementor-widget-container\">\n\t\t\t\t\t\t\t<p>Finita l\u2019estate, il bestiame di ritorno a Latzfons dai pascoli alpini viene agghindato con sgargianti copricapi, dando vita alla colorata sfilata della smonticazione, nota qui in Alto Adige come <em>Almabtrieb<\/em>.\u00a0 Un altro highlight del periodo \u00e8 il concerto autunnale dei Kastelruther Spatzen, la band folk pi\u00f9 amata dell\u2019Alto Adige. Buon umore garantito!<\/p>\n\t\t\t\t\t\t<\/div>\n\t\t\t\t<\/div>\n\t\t\t\t<\/div>\n\t\t\t\t<\/div>\n\t\t<div class=\"elementor-element elementor-element-15ad6f1 e-con-full c-inner w-80 e-flex e-con e-child\" data-id=\"15ad6f1\" data-element_type=\"container\" data-settings=\"{&quot;content_width&quot;:&quot;full&quot;,&quot;container_type&quot;:&quot;flex&quot;}\">\n\t\t\t\t<div class=\"elementor-element elementor-element-a406d8b elementor-widget elementor-widget-image\" data-id=\"a406d8b\" data-element_type=\"widget\" data-widget_type=\"image.default\">\n\t\t\t\t<div class=\"elementor-widget-container\">\n\t\t\t\t\t\t\t\t\t\t\t\t\t\t\t<img loading=\"lazy\" decoding=\"async\" width=\"800\" height=\"432\" src=\"https:\/\/www.tanovinum.com\/wp-content\/uploads\/2023\/11\/idm07708mako-1024x553.jpg\" class=\"attachment-large size-large wp-image-362\" alt=\"\" srcset=\"https:\/\/www.tanovinum.com\/wp-content\/uploads\/2023\/11\/idm07708mako-1024x553.jpg 1024w, https:\/\/www.tanovinum.com\/wp-content\/uploads\/2023\/11\/idm07708mako-300x162.jpg 300w, https:\/\/www.tanovinum.com\/wp-content\/uploads\/2023\/11\/idm07708mako-768x414.jpg 768w, https:\/\/www.tanovinum.com\/wp-content\/uploads\/2023\/11\/idm07708mako-1536x829.jpg 1536w, https:\/\/www.tanovinum.com\/wp-content\/uploads\/2023\/11\/idm07708mako-2048x1105.jpg 2048w\" sizes=\"(max-width: 800px) 100vw, 800px\" \/>\t\t\t\t\t\t\t\t\t\t\t\t\t\t\t<\/div>\n\t\t\t\t<\/div>\n\t\t<div class=\"elementor-element elementor-element-69adb5b e-con-full w-40 e-flex e-con e-child\" data-id=\"69adb5b\" data-element_type=\"container\" data-settings=\"{&quot;content_width&quot;:&quot;full&quot;,&quot;container_type&quot;:&quot;flex&quot;}\">\n\t\t\t\t<div class=\"elementor-element elementor-element-c847aa0 elementor-widget elementor-widget-heading\" data-id=\"c847aa0\" data-element_type=\"widget\" data-widget_type=\"heading.default\">\n\t\t\t\t<div class=\"elementor-widget-container\">\n\t\t\t<h1 class=\"elementor-heading-title elementor-size-default\">La quiete novembrina <\/h1>\t\t<\/div>\n\t\t\t\t<\/div>\n\t\t\t\t<div class=\"elementor-element elementor-element-b31c1e2 elementor-widget elementor-widget-text-editor\" data-id=\"b31c1e2\" data-element_type=\"widget\" data-widget_type=\"text-editor.default\">\n\t\t\t\t<div class=\"elementor-widget-container\">\n\t\t\t\t\t\t\t<p>A novembre torna la calma. Questo \u00e8 il periodo ideale per godersi le attrazioni pi\u00f9 amate dell\u2019Alto Adige, come ad esempio il Lago di Braies, in tutta la loro bellezza e senza troppi affollamenti.<\/p>\n\t\t\t\t\t\t<\/div>\n\t\t\t\t<\/div>\n\t\t\t\t<\/div>\n\t\t\t\t<\/div>\n\t\t\t\t<\/section>\n\t\t\t\t\t\t\t<\/div>\n\t\t","protected":false},"excerpt":{"rendered":"<p>T\u00f6rggelen: la stagione del gusto in Valle Isarco In autunno, a farla da protagonisti sono il vino nuovo, le caldarroste e tante golose specialit\u00e0 tradizionali&#8230; In Alto Adige ogni stagione ha il suo fascino, ma l\u2019autunno ha quel qualcosa in pi\u00f9. Sar\u00e0 per l\u2019uva e le mele che pendono invitanti dai rami, o per il [&hellip;]<\/p>\n","protected":false},"author":1,"featured_media":0,"parent":0,"menu_order":0,"comment_status":"closed","ping_status":"closed","template":"","meta":{"footnotes":""},"yoast_head":"<!-- This site is optimized with the Yoast SEO plugin v21.5 - https:\/\/yoast.com\/wordpress\/plugins\/seo\/ -->\n<title>Il T\u00f6rggelen in Valle Isarco: deliziosa tradizione!<\/title>\n<meta name=\"description\" content=\"Da non perdere in autunno: il T\u00f6rggelen in Valle Isarco, magari con pernottamento tra i vigneti. Tanovinum a Chiusa \u00e8 l\u2019insider tip per la tua pausa autunnale in Alto Adige.\" \/>\n<meta name=\"robots\" content=\"index, follow, max-snippet:-1, max-image-preview:large, max-video-preview:-1\" \/>\n<link rel=\"canonical\" href=\"https:\/\/www.tanovinum.com\/it\/kulinarischer-herbst\/\" \/>\n<meta property=\"og:locale\" content=\"it_IT\" \/>\n<meta property=\"og:type\" content=\"article\" \/>\n<meta property=\"og:title\" content=\"Il T\u00f6rggelen in Valle Isarco: deliziosa tradizione!\" \/>\n<meta property=\"og:description\" content=\"Da non perdere in autunno: il T\u00f6rggelen in Valle Isarco, magari con pernottamento tra i vigneti. Tanovinum a Chiusa \u00e8 l\u2019insider tip per la tua pausa autunnale in Alto Adige.\" \/>\n<meta property=\"og:url\" content=\"https:\/\/www.tanovinum.com\/it\/kulinarischer-herbst\/\" \/>\n<meta property=\"og:site_name\" content=\"Tan\u00f6tscherhof\" \/>\n<meta property=\"article:modified_time\" content=\"2024-02-23T11:50:20+00:00\" \/>\n<meta property=\"og:image\" content=\"https:\/\/www.tanovinum.com\/wp-content\/uploads\/2023\/11\/Suedtirol_Herbst_Kampagne_IDM_Herbst_Toerggelen_Sideshots_2387-1024x863.png\" \/>\n<meta name=\"twitter:card\" content=\"summary_large_image\" \/>\n<meta name=\"twitter:label1\" content=\"Tempo di lettura stimato\" \/>\n\t<meta name=\"twitter:data1\" content=\"3 minuti\" \/>\n<script type=\"application\/ld+json\" class=\"yoast-schema-graph\">{\"@context\":\"https:\/\/schema.org\",\"@graph\":[{\"@type\":\"WebPage\",\"@id\":\"https:\/\/www.tanovinum.com\/it\/kulinarischer-herbst\/\",\"url\":\"https:\/\/www.tanovinum.com\/it\/kulinarischer-herbst\/\",\"name\":\"Il T\u00f6rggelen in Valle Isarco: deliziosa tradizione!\",\"isPartOf\":{\"@id\":\"https:\/\/www.tanovinum.com\/it\/#website\"},\"datePublished\":\"2023-11-30T07:30:46+00:00\",\"dateModified\":\"2024-02-23T11:50:20+00:00\",\"description\":\"Da non perdere in autunno: il T\u00f6rggelen in Valle Isarco, magari con pernottamento tra i vigneti. Tanovinum a Chiusa \u00e8 l\u2019insider tip per la tua pausa autunnale in Alto Adige.\",\"breadcrumb\":{\"@id\":\"https:\/\/www.tanovinum.com\/it\/kulinarischer-herbst\/#breadcrumb\"},\"inLanguage\":\"it-IT\",\"potentialAction\":[{\"@type\":\"ReadAction\",\"target\":[\"https:\/\/www.tanovinum.com\/it\/kulinarischer-herbst\/\"]}]},{\"@type\":\"BreadcrumbList\",\"@id\":\"https:\/\/www.tanovinum.com\/it\/kulinarischer-herbst\/#breadcrumb\",\"itemListElement\":[{\"@type\":\"ListItem\",\"position\":1,\"name\":\"Startseite\",\"item\":\"https:\/\/www.tanovinum.com\/it\/\"},{\"@type\":\"ListItem\",\"position\":2,\"name\":\"Il T\u00f6rggelen in Valle Isarco: deliziosa tradizione!\"}]},{\"@type\":\"WebSite\",\"@id\":\"https:\/\/www.tanovinum.com\/it\/#website\",\"url\":\"https:\/\/www.tanovinum.com\/it\/\",\"name\":\"Tan\u00f6tscherhof\",\"description\":\"\",\"publisher\":{\"@id\":\"https:\/\/www.tanovinum.com\/it\/#organization\"},\"potentialAction\":[{\"@type\":\"SearchAction\",\"target\":{\"@type\":\"EntryPoint\",\"urlTemplate\":\"https:\/\/www.tanovinum.com\/it\/?s={search_term_string}\"},\"query-input\":\"required name=search_term_string\"}],\"inLanguage\":\"it-IT\"},{\"@type\":\"Organization\",\"@id\":\"https:\/\/www.tanovinum.com\/it\/#organization\",\"name\":\"Tan\u00f6tscherhof\",\"url\":\"https:\/\/www.tanovinum.com\/it\/\",\"logo\":{\"@type\":\"ImageObject\",\"inLanguage\":\"it-IT\",\"@id\":\"https:\/\/www.tanovinum.com\/it\/#\/schema\/logo\/image\/\",\"url\":\"https:\/\/www.tanovinum.com\/wp-content\/uploads\/2023\/11\/Gruppe-35.svg\",\"contentUrl\":\"https:\/\/www.tanovinum.com\/wp-content\/uploads\/2023\/11\/Gruppe-35.svg\",\"width\":396,\"height\":272,\"caption\":\"Tan\u00f6tscherhof\"},\"image\":{\"@id\":\"https:\/\/www.tanovinum.com\/it\/#\/schema\/logo\/image\/\"}}]}<\/script>\n<!-- \/ Yoast SEO plugin. -->","yoast_head_json":{"title":"Il T\u00f6rggelen in Valle Isarco: deliziosa tradizione!","description":"Da non perdere in autunno: il T\u00f6rggelen in Valle Isarco, magari con pernottamento tra i vigneti. Tanovinum a Chiusa \u00e8 l\u2019insider tip per la tua pausa autunnale in Alto Adige.","robots":{"index":"index","follow":"follow","max-snippet":"max-snippet:-1","max-image-preview":"max-image-preview:large","max-video-preview":"max-video-preview:-1"},"canonical":"https:\/\/www.tanovinum.com\/it\/kulinarischer-herbst\/","og_locale":"it_IT","og_type":"article","og_title":"Il T\u00f6rggelen in Valle Isarco: deliziosa tradizione!","og_description":"Da non perdere in autunno: il T\u00f6rggelen in Valle Isarco, magari con pernottamento tra i vigneti. Tanovinum a Chiusa \u00e8 l\u2019insider tip per la tua pausa autunnale in Alto Adige.","og_url":"https:\/\/www.tanovinum.com\/it\/kulinarischer-herbst\/","og_site_name":"Tan\u00f6tscherhof","article_modified_time":"2024-02-23T11:50:20+00:00","og_image":[{"url":"https:\/\/www.tanovinum.com\/wp-content\/uploads\/2023\/11\/Suedtirol_Herbst_Kampagne_IDM_Herbst_Toerggelen_Sideshots_2387-1024x863.png"}],"twitter_card":"summary_large_image","twitter_misc":{"Tempo di lettura stimato":"3 minuti"},"schema":{"@context":"https:\/\/schema.org","@graph":[{"@type":"WebPage","@id":"https:\/\/www.tanovinum.com\/it\/kulinarischer-herbst\/","url":"https:\/\/www.tanovinum.com\/it\/kulinarischer-herbst\/","name":"Il T\u00f6rggelen in Valle Isarco: deliziosa tradizione!","isPartOf":{"@id":"https:\/\/www.tanovinum.com\/it\/#website"},"datePublished":"2023-11-30T07:30:46+00:00","dateModified":"2024-02-23T11:50:20+00:00","description":"Da non perdere in autunno: il T\u00f6rggelen in Valle Isarco, magari con pernottamento tra i vigneti. Tanovinum a Chiusa \u00e8 l\u2019insider tip per la tua pausa autunnale in Alto Adige.","breadcrumb":{"@id":"https:\/\/www.tanovinum.com\/it\/kulinarischer-herbst\/#breadcrumb"},"inLanguage":"it-IT","potentialAction":[{"@type":"ReadAction","target":["https:\/\/www.tanovinum.com\/it\/kulinarischer-herbst\/"]}]},{"@type":"BreadcrumbList","@id":"https:\/\/www.tanovinum.com\/it\/kulinarischer-herbst\/#breadcrumb","itemListElement":[{"@type":"ListItem","position":1,"name":"Startseite","item":"https:\/\/www.tanovinum.com\/it\/"},{"@type":"ListItem","position":2,"name":"Il T\u00f6rggelen in Valle Isarco: deliziosa tradizione!"}]},{"@type":"WebSite","@id":"https:\/\/www.tanovinum.com\/it\/#website","url":"https:\/\/www.tanovinum.com\/it\/","name":"Tan\u00f6tscherhof","description":"","publisher":{"@id":"https:\/\/www.tanovinum.com\/it\/#organization"},"potentialAction":[{"@type":"SearchAction","target":{"@type":"EntryPoint","urlTemplate":"https:\/\/www.tanovinum.com\/it\/?s={search_term_string}"},"query-input":"required name=search_term_string"}],"inLanguage":"it-IT"},{"@type":"Organization","@id":"https:\/\/www.tanovinum.com\/it\/#organization","name":"Tan\u00f6tscherhof","url":"https:\/\/www.tanovinum.com\/it\/","logo":{"@type":"ImageObject","inLanguage":"it-IT","@id":"https:\/\/www.tanovinum.com\/it\/#\/schema\/logo\/image\/","url":"https:\/\/www.tanovinum.com\/wp-content\/uploads\/2023\/11\/Gruppe-35.svg","contentUrl":"https:\/\/www.tanovinum.com\/wp-content\/uploads\/2023\/11\/Gruppe-35.svg","width":396,"height":272,"caption":"Tan\u00f6tscherhof"},"image":{"@id":"https:\/\/www.tanovinum.com\/it\/#\/schema\/logo\/image\/"}}]}},"_links":{"self":[{"href":"https:\/\/www.tanovinum.com\/it\/wp-json\/wp\/v2\/pages\/1391"}],"collection":[{"href":"https:\/\/www.tanovinum.com\/it\/wp-json\/wp\/v2\/pages"}],"about":[{"href":"https:\/\/www.tanovinum.com\/it\/wp-json\/wp\/v2\/types\/page"}],"author":[{"embeddable":true,"href":"https:\/\/www.tanovinum.com\/it\/wp-json\/wp\/v2\/users\/1"}],"replies":[{"embeddable":true,"href":"https:\/\/www.tanovinum.com\/it\/wp-json\/wp\/v2\/comments?post=1391"}],"version-history":[{"count":2,"href":"https:\/\/www.tanovinum.com\/it\/wp-json\/wp\/v2\/pages\/1391\/revisions"}],"predecessor-version":[{"id":1441,"href":"https:\/\/www.tanovinum.com\/it\/wp-json\/wp\/v2\/pages\/1391\/revisions\/1441"}],"wp:attachment":[{"href":"https:\/\/www.tanovinum.com\/it\/wp-json\/wp\/v2\/media?parent=1391"}],"curies":[{"name":"wp","href":"https:\/\/api.w.org\/{rel}","templated":true}]}}